{"id":8,"date":"2016-07-01T17:22:05","date_gmt":"2016-07-01T15:22:05","guid":{"rendered":"https:\/\/dden33.org\/blaye\/?page_id=8"},"modified":"2022-08-02T18:09:25","modified_gmt":"2022-08-02T16:09:25","slug":"bienvenue","status":"publish","type":"page","link":"https:\/\/dden33.org\/blaye\/","title":{"rendered":"Bienvenue"},"content":{"rendered":"<p>L&rsquo;\u00e9quipe des DDEN de la Circonscription de Blaye vous souhaitent la bienvenue sur leur nouveau site d&rsquo;information.<\/p>\n<table>\n<tbody>\n<tr style=\"border-color: #0070f7; height: 28px; background-color: #0070f7;\">\n<td style=\"height: 28px;\"><span style=\"color: #ffffff;\">\u00a0<\/span><\/td>\n<td style=\"height: 28px; text-align: center;\"><span style=\"color: #ffffff;\">Nom<\/span><\/td>\n<td style=\"height: 28px; text-align: center;\"><span style=\"color: #ffffff;\">eMail<\/span><\/td>\n<td style=\"height: 28px; text-align: center;\"><span style=\"color: #ffffff;\">T\u00e9l\u00e9phone<\/span><\/td>\n<\/tr>\n<tr style=\"height: 27.5px;\">\n<td style=\"border-color: #0070f7; height: 27.5px; text-align: right; background-color: #0070f7;\"><span style=\"color: #ffffff;\">Pr\u00e9sident<\/span><\/td>\n<td style=\"height: 27.5px; text-align: center;\">M. Dominique GASCON<\/td>\n<td style=\"height: 27.5px; text-align: center;\">\u00a0dominiquegascon@orange.fr<\/td>\n<td style=\"height: 27.5px; text-align: center;\">\u00a006 27 29 33 40<\/td>\n<\/tr>\n<tr style=\"height: 28px;\">\n<td style=\"border-color: #0070f7; height: 28px; text-align: right; background-color: #0070f7;\"><span style=\"color: #ffffff;\">Vice-Pr\u00e9sident<\/span><\/td>\n<td style=\"height: 28px; text-align: center;\">Mme Fran\u00e7oise TREBUCQ<\/td>\n<td style=\"height: 28px; text-align: center;\">francoise.trebucq@orange.fr<\/td>\n<td style=\"height: 28px; text-align: center;\">06 74 43 51 55<\/td>\n<\/tr>\n<\/tbody>\n<\/table>\n","protected":false},"excerpt":{"rendered":"<p>L&rsquo;\u00e9quipe des DDEN de la Circonscription de Blaye vous souhaitent la bienvenue sur leur nouveau site d&rsquo;information. \u00a0 Nom eMail T\u00e9l\u00e9phone Pr\u00e9sident M. Dominique GASCON \u00a0dominiquegascon@orange.fr \u00a006 27 29 33 40 Vice-Pr\u00e9sident Mme Fran\u00e7oise TREBUCQ francoise.trebucq@orange.fr 06 74 43 51 55<\/p>\n","protected":false},"author":2,"featured_media":0,"parent":0,"menu_order":0,"comment_status":"closed","ping_status":"closed","template":"","meta":{"_bbp_topic_count":0,"_bbp_reply_count":0,"_bbp_total_topic_count":0,"_bbp_total_reply_count":0,"_bbp_voice_count":0,"_bbp_anonymous_reply_count":0,"_bbp_topic_count_hidden":0,"_bbp_reply_count_hidden":0,"_bbp_forum_subforum_count":0,"footnotes":""},"class_list":["post-8","page","type-page","status-publish","hentry"],"_links":{"self":[{"href":"https:\/\/dden33.org\/blaye\/wp-json\/wp\/v2\/pages\/8","targetHints":{"allow":["GET"]}}],"collection":[{"href":"https:\/\/dden33.org\/blaye\/wp-json\/wp\/v2\/pages"}],"about":[{"href":"https:\/\/dden33.org\/blaye\/wp-json\/wp\/v2\/types\/page"}],"author":[{"embeddable":true,"href":"https:\/\/dden33.org\/blaye\/wp-json\/wp\/v2\/users\/2"}],"replies":[{"embeddable":true,"href":"https:\/\/dden33.org\/blaye\/wp-json\/wp\/v2\/comments?post=8"}],"version-history":[{"count":9,"href":"https:\/\/dden33.org\/blaye\/wp-json\/wp\/v2\/pages\/8\/revisions"}],"predecessor-version":[{"id":309,"href":"https:\/\/dden33.org\/blaye\/wp-json\/wp\/v2\/pages\/8\/revisions\/309"}],"wp:attachment":[{"href":"https:\/\/dden33.org\/blaye\/wp-json\/wp\/v2\/media?parent=8"}],"curies":[{"name":"wp","href":"https:\/\/api.w.org\/{rel}","templated":true}]}}