{"id":5,"date":"2016-07-08T21:24:09","date_gmt":"2016-07-08T19:24:09","guid":{"rendered":"https:\/\/dden33.org\/libourne2\/?page_id=5"},"modified":"2026-04-22T18:31:16","modified_gmt":"2026-04-22T16:31:16","slug":"bienvenue","status":"publish","type":"page","link":"https:\/\/dden33.org\/libourne2\/","title":{"rendered":"Bienvenue"},"content":{"rendered":"<p>L&rsquo;\u00e9quipe des DDEN de la Circonscription de Libourne II vous souhaitent la bienvenue sur leur nouveau site d&rsquo;information.<\/p>\n<p>Vous pouvez suivre les actions men\u00e9es dans la rubrique Actualit\u00e9s.<\/p>\n<table style=\"width: 100%;height: 84px\">\n<tbody>\n<tr style=\"border-color: #0070f7;height: 28px;background-color: #0070f7\">\n<td style=\"height: 28px;width: 18.9274%\"><span style=\"color: #ffffff\">\u00a0<\/span><\/td>\n<td style=\"height: 28px;text-align: center;width: 29.3375%\"><span style=\"color: #ffffff\">Nom<\/span><\/td>\n<td style=\"height: 28px;text-align: center;width: 32.3344%\"><span style=\"color: #ffffff\">eMail<\/span><\/td>\n<td style=\"height: 28px;text-align: center;width: 19.2429%\"><span style=\"color: #ffffff\">T\u00e9l\u00e9phone<\/span><\/td>\n<\/tr>\n<tr style=\"height: 27px\">\n<td style=\"border-color: #0070f7;height: 27px;text-align: right;background-color: #0070f7;width: 18.9274%\"><span style=\"color: #ffffff\">Pr\u00e9sident<\/span><\/td>\n<td style=\"border-color: #ffffff;height: 27px;text-align: center;width: 29.3375%\">Jean-Paul PIMOUGUET<\/td>\n<td style=\"border-color: #ffffff;height: 27px;text-align: center;width: 32.3344%\">\u00a0jppimouguet@hotmail.fr<\/td>\n<td style=\"border-color: #ffffff;height: 27px;text-align: center;width: 19.2429%\">\u00a006 31 96 11 19<\/td>\n<\/tr>\n<tr style=\"height: 27px\">\n<td style=\"border-color: #0070f7;height: 29px;text-align: right;background-color: #0070f7;width: 18.9274%\"><span style=\"color: #ffffff\">Vice Pr\u00e9sident<\/span><\/td>\n<td style=\"border-color: #ffffff;height: 29px;text-align: center;width: 29.3375%\">Fran\u00e7ois DECAUZE<\/td>\n<td style=\"border-color: #ffffff;height: 29px;text-align: center;width: 32.3344%\">fmdecauze@gmail.com<\/td>\n<td style=\"border-color: #ffffff;height: 29px;text-align: center;width: 19.2429%\">06 28 83 19 34<\/td>\n<\/tr>\n<\/tbody>\n<\/table>\n\n\n<h2>R\u00e9union de d\u00e9l\u00e9gations du 25 juin 2025 :<\/h2>\n<p>Ce jour-l\u00e0, les deux d\u00e9l\u00e9gations de Libourne I et Libourne II se sont r\u00e9unies sous les pr\u00e9sidences respectives de Michel Barra et Jean-Paul Pimouguet et sous la pr\u00e9sidence de Jacky Nouveau, Union DDEN33. Chaque d\u00e9l\u00e9gation a proc\u00e9d\u00e9 \u00e0 l\u2019attribution des postes DDEN sur les \u00e9coles, pour les prochaines quatre ann\u00e9es. Les pr\u00e9sidents et vice-pr\u00e9sidents ont \u00e9t\u00e9 \u00e9lus aussi pour 4 ans. Les m\u00eames personnes ont \u00e9t\u00e9 reconduites dans leur fonction. Un point de situation dans chaque \u00e9cole a \u00e9t\u00e9 fait afin de\u00a0 pr\u00e9parer au mieux la rentr\u00e9e 2025.\u00a0<\/p>\n<p>Pour en savoir plus, <a href=\"https:\/\/dden33.org\/libourne2\/wp-content\/uploads\/sites\/22\/2025\/09\/Reunion-DDEN-Libourne-1-et-2-du-25.06.2025.docx\"><span style=\"color: #993300\"><strong>cliquez sur ce lien.\u00a0<\/strong><\/span><\/a><\/p>\n<h2>R\u00e9union de d\u00e9l\u00e9gations du 27 novembre 2024 :<\/h2>\n<p>Cette r\u00e9union a rapproch\u00e9 les deux d\u00e9l\u00e9gations Libourne I et Libourne II, \u00e0 l\u2019initiative des deux IEN de Circonscription : Madame GARRIGUE pour Libourne II et Monsieur SACHER pour Libourne I. Michel BARRA et Jean-Paul PIMOUGUET, pr\u00e9sidents des d\u00e9l\u00e9gations\u00a0 sont assist\u00e9s de Jacky NOUVEAU Pr\u00e9sident d\u00e9partemental des DDEN.\u00a0 Une quinzaine de DDEN ont particip\u00e9 \u00e0 ce moment d\u2019\u00e9changes. Pour lire le compte-rendu\u00a0<a href=\"https:\/\/dden33.org\/libourne2\/wp-content\/uploads\/sites\/22\/2024\/12\/libourne-I-et-II-Reunion-DDEN-27-11-2024-27.docx.pdf\"><strong>cliquez sur ce lien.<\/strong><\/a><\/p>\n<p>* * * * * * * * * * * * * * * * * * * * * * * * * * * * * * * * * * * * * * * * * * * * * * * * * * * * * * * * * * * ** * * *<\/p>\n<p><b>Compte-rendu de la r\u00e9union des DDEN-Circonscription de Libourne2 le 26 juin 2024<\/b><\/p>\n<p><i><span style=\"font-weight: 400\">Etaient pr\u00e9sents\u00a0:<\/span><\/i><span style=\"font-weight: 400\"> Mmes Chagneau, Dominique, Jolivet ;Mrs Bessou, Decauze, Nouveau (Pr\u00e9sident des DDEN\u00a0 33) Pimouguet, Senrens.<\/span><\/p>\n<p><i><span style=\"font-weight: 400\">Absents excus\u00e9s\u00a0: <\/span><\/i><span style=\"font-weight: 400\">M. Litot, Mme Mouclier, M. Boireau<\/span><\/p>\n<p><b><i>1) Compte-rendu de la r\u00e9union du 18-10-2023\u00a0:<\/i><\/b><\/p>\n<p><span style=\"font-weight: 400\">J-Paul Pimouguet donne lecture du compte-rendu de la r\u00e9union de Libourne 2 du 18-10-2023. Rappel du r\u00f4le et de la fonction du DDEN, qui demande \u00e0 \u00eatre davantage reconnu, y compris par l\u2019Institution Education Nationale.<\/span><\/p>\n<p><b><i>2) Informations diverses\u00a0 donn\u00e9es par M.Nouveau\u00a0:<\/i><\/b><\/p>\n<p><span style=\"font-weight: 400\">-Arbre de la la\u00efcit\u00e9. (Destin\u00e9 particuli\u00e8rement aux \u00e9coles rurales). Pas de candidature pour 2024.<\/span><\/p>\n<p><span style=\"font-weight: 400\">-Fermeture de classes ou d\u2019\u00e9cole\u00a0: Diminution des effectifs (854 \u00e9l\u00e8ves en moins). Cela n\u2019entra\u00eene pas pour autant un meilleur taux d\u2019encadrement.<\/span><\/p>\n<p><span style=\"font-weight: 400\">-Concours-photos\u00a0(Destin\u00e9 aux classes de CM1-CM2). Dispenser l\u2019info \u00e0 l\u2019\u00e9cole lors du premier Conseil d\u2019\u00e9cole.<\/span><\/p>\n<p><span style=\"font-weight: 400\">Il est possible de disposer d\u2019un C.P.E. \u00e0 la culture, du directeur photos du journal Sud-Ouest,(des photographes peuvent aider les \u00e9l\u00e8ves), du pr\u00eat d\u2019appareils photos par l\u2019O.C.C.E., et d\u2019une \u00ab\u00a0rallonge\u00a0\u00bb financi\u00e8re de la M.A.E.<\/span><\/p>\n<p><span style=\"font-weight: 400\">-UNION des DDEN : Restructuration des membres et du site. Nouveau \u00ab webmaster \u00bb. Une lettre a \u00e9t\u00e9 adress\u00e9e \u00e0 tous les pr\u00e9sidents de d\u00e9l\u00e9gations.\u00a0On peut trouver sur le site tous les renseignements concernant la vie de la d\u00e9l\u00e9gation : dates essentielles, comptes-rendus de r\u00e9unions ,etc.\u00a0Il est fortement conseill\u00e9 \u00e0 tous les DDEN d\u2019adh\u00e9rer \u00e0 l\u2019UNION<\/span><\/p>\n<p><span style=\"font-weight: 400\">Pour l\u2019an prochain, M.Nouveau a contact\u00e9 le maire de Cenon afin d\u2019organiser l\u2019Assembl\u00e9e G\u00e9n\u00e9rale sur sa commune. (Il est plus facile \u00e0 tous de participer \u00e0 une r\u00e9union dans un lieu plus \u00ab\u00a0centralis\u00e9\u00a0\u00bb tel que la m\u00e9tropole bordelaise.)<\/span><\/p>\n<p><b><i>3) Tour de table\u00a0:<\/i><\/b><\/p>\n<p><i><span style=\"font-weight: 400\">&#8211;<strong>M. Decauzes\u00a0:- R.P.I. Petit-Palais- St-Sauveur\u00a0<\/strong>:<\/span><\/i><\/p>\n<p><span style=\"font-weight: 400\"><strong>Ecole de Petit-Palais<\/strong> : Bonne relations avec l\u2019\u00e9cole, qui fait partie du R.E.P. de Lussac. Les classes sont peu charg\u00e9es. Un enfant perturbateur, qui complique la vie de la classe.<\/span><\/p>\n<p><span style=\"font-weight: 400\">\u00a0<strong>Ecole de St-Sauveur-de-Puynormand\u00a0<\/strong>: Rattach\u00e9e \u00e0 la C.A.L.I., ce qui ne facilite pas la coordination avec Petit-Palais.<\/span><\/p>\n<p><span style=\"font-weight: 400\">\u00a0<strong>Ecole de Coutras\u00a0<\/strong>: Assiste aux Conseils d\u2019\u00e9cole mais a peu de possibilit\u00e9s de prendre la parole. Ecole qui conna\u00eet de gros probl\u00e8mes avec certains \u00e9l\u00e8ves, ainsi que des cas d\u2019intrusion, d\u2019incendie\u2026Beaucoup d\u2019enfants sont livr\u00e9s \u00e0 eux-m\u00eames en dehors de l\u2019\u00e9cole.<\/span><\/p>\n<p><i><span style=\"font-weight: 400\">&#8211;<strong>Mme Chagneau\u00a0: Ecole des Artigues-de-Lussac.<\/strong><\/span><\/i><\/p>\n<p><span style=\"font-weight: 400\">Signale un cas de coups port\u00e9s \u00e0 une enseignante par un enfant extr\u00eamement perturbateur. Celle-ci peut-elle faire un d\u00e9p\u00f4t de plainte ou une \u00ab main courante \u00bb, bien qu\u2019elle n\u2019en ait pas le d\u00e9sir ?\u00a0Au minimum, un signalement doit \u00eatre fait \u00e0 l\u2019assistante sociale du secteur, au procureur, voire au D.S.D.E.N. de Bordeaux. L\u2019enfant a \u00e9t\u00e9 provisoirement exclu de la cantine. L\u2019\u00e9cole a particip\u00e9 \u00e0 l\u2019op\u00e9ration \u00ab\u00a0Dix jours sans \u00e9cran\u00a0\u00bb.<\/span><\/p>\n<p><i><span style=\"font-weight: 400\">&#8211;<strong>M.Bessou\u00a0: Ecole de Montagne.<\/strong><\/span><\/i><\/p>\n<p><span style=\"font-weight: 400\">Pas de probl\u00e8me avec l\u2019\u00e9cole si ce n\u2019est une crainte de fermeture de classe.<\/span><\/p>\n<p><span style=\"font-weight: 400\">&#8211;<strong>M.Senrens\u00a0<\/strong>: Ecole de Lussac. R.A.S.<\/span><\/p>\n<p><i><span style=\"font-weight: 400\">&#8211;<strong>Mme Jolivet\u00a0: R.P.I. des 5 villages-St-Christophe-des-Bardes\/St-Etienne-de-Lisse\/St-Hypolite\/St-Pey-d\u2019Armens\/ St-Laurent-des-Combes.<\/strong><\/span><\/i><\/p>\n<p><span style=\"font-weight: 400\">\u00a0<strong>St-Christophe<\/strong>\u00a0: pas de probl\u00e8me particulier. L\u2019\u00e9cole fonctionne bien. De nombreuses activit\u00e9s y sont organis\u00e9es. La DDEN y est toujours bien accueillie.<\/span><\/p>\n<p><span style=\"font-weight: 400\"><strong>\u00a0St-Etienne<\/strong> : Beaucoup de difficult\u00e9s. Nombreuses absences des ma\u00eetresses pour cause de maladie. Les remplacements ne sont pas toujours assur\u00e9s, ce qui provoque l\u2019incompr\u00e9hension et l\u2019irritation des parents. Certains font part de leur volont\u00e9 de quitter l\u2019\u00e9cole \u00e0 la rentr\u00e9e prochaine. Deux d\u00e9l\u00e9gu\u00e9es ont \u00e9t\u00e9 re\u00e7ues \u00e0 ce sujet par Mme l\u2019Inspectrice.\u00a0Un petit nombre d\u2019\u00e9l\u00e8ves perturbateurs, \u00e0 la cantine en particulier.<\/span><\/p>\n<p><i><span style=\"font-weight: 400\">&#8211;<strong>Mme Dominique\u00a0: Ecoles de Castillon.<\/strong><\/span><\/i><\/p>\n<p><span style=\"font-weight: 400\">De nombreuses activit\u00e9s sont propos\u00e9es. Une classe maternelle a \u00e9t\u00e9 transf\u00e9r\u00e9e \u00e0 l\u2019\u00e9cole \u00e9l\u00e9mentaire. En maternelle, am\u00e9nagements (NEFLE) en accord avec la mairie. La cour va \u00eatre r\u00e9duite pour laisser la place \u00e0 la construction d\u2019une Maison m\u00e9dicale. Ceci s\u2019est fait en concertation avec la mairie, les parents et les enfants.<\/span><\/p>\n<p><i><span style=\"font-weight: 400\">&#8211;<strong>M.Pimouguet\u00a0: Ecole de St-Magne-de-Castillon\u00a0.<\/strong><\/span><\/i><\/p>\n<p><span style=\"font-weight: 400\">\u00a0\u00a0R.A.S., sinon des absences non-remplac\u00e9es, probl\u00e8me r\u00e9solu par l\u2019IEN.<\/span><\/p>\n<p><b><i>4) Intervention de Mme Garrigue, Inspectrice de l\u2019Education Nationale<\/i><\/b><span style=\"font-weight: 400\">\u00a0<\/span><\/p>\n<p><span style=\"font-weight: 400\">&#8211;<strong>Ecole des Artigues\u00a0<\/strong>: Voir avec l\u2019\u00e9quipe enseignante pour la consultation d\u2019un psychologue, mais pas de d\u00e9p\u00f4t de plainte.<\/span><\/p>\n<p><span style=\"font-weight: 400\">&#8211;<strong>Ecole de Coutras\u00a0<\/strong>: Pas de possibilit\u00e9 de remplacement suppl\u00e9mentaire en plus de ce qui est d\u00e9j\u00e0 fait.<\/span><\/p>\n<p><span style=\"font-weight: 400\">\u00a0Mme Garrigue souligne la baisse des effectifs en maternelle, qui pr\u00e9sage d\u2019une baisse dans les autres niveaux pour les ann\u00e9es \u00e0 venir\u2026<\/span><\/p>\n<p><span style=\"font-weight: 400\">La r\u00e9union se termine \u00e0 12h10. La secr\u00e9taire de s\u00e9ance, Marie-Claude Jolivet.<\/span><\/p>\n","protected":false},"excerpt":{"rendered":"<p>L&rsquo;\u00e9quipe des DDEN de la Circonscription de Libourne II vous souhaitent la bienvenue sur leur nouveau site d&rsquo;information. Vous pouvez suivre les actions men\u00e9es dans la rubrique Actualit\u00e9s. \u00a0 Nom eMail T\u00e9l\u00e9phone Pr\u00e9sident Jean-Paul PIMOUGUET \u00a0jppimouguet@hotmail.fr \u00a006 31 96 11 19 Vice Pr\u00e9sident Fran\u00e7ois DECAUZE fmdecauze@gmail.com 06 28 83 19 34 R\u00e9union de d\u00e9l\u00e9gations du &hellip; <a href=\"https:\/\/dden33.org\/libourne2\/\" class=\"more-link\">Continuer la lecture de <span class=\"screen-reader-text\">Bienvenue<\/span> <span class=\"meta-nav\">&rarr;<\/span><\/a><\/p>\n","protected":false},"author":2,"featured_media":0,"parent":0,"menu_order":0,"comment_status":"closed","ping_status":"closed","template":"","meta":{"_bbp_topic_count":0,"_bbp_reply_count":0,"_bbp_total_topic_count":0,"_bbp_total_reply_count":0,"_bbp_voice_count":0,"_bbp_anonymous_reply_count":0,"_bbp_topic_count_hidden":0,"_bbp_reply_count_hidden":0,"_bbp_forum_subforum_count":0,"footnotes":""},"class_list":["post-5","page","type-page","status-publish","hentry"],"_links":{"self":[{"href":"https:\/\/dden33.org\/libourne2\/wp-json\/wp\/v2\/pages\/5","targetHints":{"allow":["GET"]}}],"collection":[{"href":"https:\/\/dden33.org\/libourne2\/wp-json\/wp\/v2\/pages"}],"about":[{"href":"https:\/\/dden33.org\/libourne2\/wp-json\/wp\/v2\/types\/page"}],"author":[{"embeddable":true,"href":"https:\/\/dden33.org\/libourne2\/wp-json\/wp\/v2\/users\/2"}],"replies":[{"embeddable":true,"href":"https:\/\/dden33.org\/libourne2\/wp-json\/wp\/v2\/comments?post=5"}],"version-history":[{"count":13,"href":"https:\/\/dden33.org\/libourne2\/wp-json\/wp\/v2\/pages\/5\/revisions"}],"predecessor-version":[{"id":394,"href":"https:\/\/dden33.org\/libourne2\/wp-json\/wp\/v2\/pages\/5\/revisions\/394"}],"wp:attachment":[{"href":"https:\/\/dden33.org\/libourne2\/wp-json\/wp\/v2\/media?parent=5"}],"curies":[{"name":"wp","href":"https:\/\/api.w.org\/{rel}","templated":true}]}}