{"id":2,"date":"2016-05-26T19:51:03","date_gmt":"2016-05-26T17:51:03","guid":{"rendered":"https:\/\/dden33.org\/saint-medard\/?page_id=2"},"modified":"2026-03-26T11:05:49","modified_gmt":"2026-03-26T10:05:49","slug":"page-d-exemple","status":"publish","type":"page","link":"https:\/\/dden33.org\/saint-medard\/","title":{"rendered":"Bienvenue"},"content":{"rendered":"<p>L&rsquo;\u00e9quipe des DDEN de la Circonscription de\u00a0Saint M\u00e9dard en Jalles \u00a0vous souhaitent la bienvenue sur leur\u00a0 site d&rsquo;information.<\/p>\n<p><strong>Vous pouvez suivre toutes les informations de la d\u00e9l\u00e9gation, comptes-rendus de r\u00e9unions, visites d&rsquo;\u00e9cole ou autres dans la rubrique\u00a0 \u00a0\u00bb Actualit\u00e9s \u00ab\u00a0.<\/strong><\/p>\n<p>La r\u00e9union de notre d\u00e9l\u00e9gation a eu lieu le 16 d\u00e9cembre 2025 en pr\u00e9sence de notre IEN, Mme BONNET. Il s&rsquo;agissait, pour le renouvellement quadriennal de revoir ou confirmer les attributions des \u00e9coles aux DDEN. La pr\u00e9sidente et\u00a0 la vice-pr\u00e9sidente ont \u00e9t\u00e9 \u00e9lues, voir tableau ci-dessous.<\/p>\n<p>Pour lire le compte-rendu total de cette r\u00e9union du 16 d\u00e9cembre, <a href=\"https:\/\/dden33.org\/saint-medard\/wp-content\/uploads\/sites\/2\/2026\/01\/st-medard-CR-Reunion-du-16-12-2025-DDEN.pdf\"><strong><span style=\"color: #0000ff\">CLIQUEZ ICI !<\/span><\/strong><\/a><\/p>\n<table style=\"width: 100%\">\n<tbody>\n<tr style=\"border-color: #0070f7;background-color: #0070f7\">\n<td style=\"width: 18.1388%\"><span style=\"color: #ffffff\"><strong>\u00a0<\/strong><\/span><\/td>\n<td style=\"text-align: center;width: 28.8643%\"><span style=\"color: #ffffff\"><strong>Nom<\/strong><\/span><\/td>\n<td style=\"text-align: center;width: 33.2808%\"><span style=\"color: #ffffff\"><strong>Courriel<\/strong><\/span><\/td>\n<td style=\"text-align: center;width: 19.4007%\"><span style=\"color: #ffffff\"><strong>T\u00e9l\u00e9phone<\/strong><\/span><\/td>\n<\/tr>\n<tr>\n<td style=\"border-color: #0070f7;text-align: right;background-color: #0070f7;width: 18.1388%\"><span style=\"color: #ffffff\"><strong>Pr\u00e9sidente<\/strong><\/span><\/td>\n<td style=\"text-align: center;width: 28.8643%\"><span style=\"color: #000000\">Sylvie Le Bras-Lestremau<\/span><\/td>\n<td style=\"text-align: center;width: 33.2808%\">slblftm@yahoo.fr<\/td>\n<td style=\"text-align: center;width: 19.4007%\">07 67 599 413<\/td>\n<\/tr>\n<tr>\n<td style=\"border-color: #0070f7;text-align: right;background-color: #0070f7;width: 18.1388%\"><span style=\"color: #ffffff\"><strong>Vice-Pr\u00e9sidente<\/strong><\/span><\/td>\n<td style=\"text-align: center;width: 28.8643%\">Martine Gachassin<\/td>\n<td style=\"text-align: center;width: 33.2808%\">famil.gachassin@free.fr<\/td>\n<td style=\"text-align: center;width: 19.4007%\">06 03 189 350<\/td>\n<\/tr>\n<\/tbody>\n<\/table>\n<p><span style=\"color: #ff0000\">Cette page a \u00e9t\u00e9 r\u00e9actualis\u00e9e le 29 janvier 2026<\/span><\/p>\n","protected":false},"excerpt":{"rendered":"<p>L&rsquo;\u00e9quipe des DDEN de la Circonscription de\u00a0Saint M\u00e9dard en Jalles \u00a0vous souhaitent la bienvenue sur leur\u00a0 site d&rsquo;information. Vous pouvez suivre toutes les informations de la d\u00e9l\u00e9gation, comptes-rendus de r\u00e9unions, visites d&rsquo;\u00e9cole ou autres dans la rubrique\u00a0 \u00a0\u00bb Actualit\u00e9s \u00ab\u00a0. La r\u00e9union de notre d\u00e9l\u00e9gation a eu lieu le 16 d\u00e9cembre 2025 en pr\u00e9sence de &hellip; <a href=\"https:\/\/dden33.org\/saint-medard\/\" class=\"more-link\">Continuer la lecture de <span class=\"screen-reader-text\">Bienvenue<\/span> <span class=\"meta-nav\">&rarr;<\/span><\/a><\/p>\n","protected":false},"author":1,"featured_media":0,"parent":0,"menu_order":0,"comment_status":"closed","ping_status":"open","template":"","meta":{"_bbp_topic_count":0,"_bbp_reply_count":0,"_bbp_total_topic_count":0,"_bbp_total_reply_count":0,"_bbp_voice_count":0,"_bbp_anonymous_reply_count":0,"_bbp_topic_count_hidden":0,"_bbp_reply_count_hidden":0,"_bbp_forum_subforum_count":0,"footnotes":""},"class_list":["post-2","page","type-page","status-publish","hentry"],"_links":{"self":[{"href":"https:\/\/dden33.org\/saint-medard\/wp-json\/wp\/v2\/pages\/2","targetHints":{"allow":["GET"]}}],"collection":[{"href":"https:\/\/dden33.org\/saint-medard\/wp-json\/wp\/v2\/pages"}],"about":[{"href":"https:\/\/dden33.org\/saint-medard\/wp-json\/wp\/v2\/types\/page"}],"author":[{"embeddable":true,"href":"https:\/\/dden33.org\/saint-medard\/wp-json\/wp\/v2\/users\/1"}],"replies":[{"embeddable":true,"href":"https:\/\/dden33.org\/saint-medard\/wp-json\/wp\/v2\/comments?post=2"}],"version-history":[{"count":27,"href":"https:\/\/dden33.org\/saint-medard\/wp-json\/wp\/v2\/pages\/2\/revisions"}],"predecessor-version":[{"id":318,"href":"https:\/\/dden33.org\/saint-medard\/wp-json\/wp\/v2\/pages\/2\/revisions\/318"}],"wp:attachment":[{"href":"https:\/\/dden33.org\/saint-medard\/wp-json\/wp\/v2\/media?parent=2"}],"curies":[{"name":"wp","href":"https:\/\/api.w.org\/{rel}","templated":true}]}}